{"id":52609,"date":"2016-08-10T08:54:53","date_gmt":"2016-08-10T12:54:53","guid":{"rendered":"https:\/\/www.lessence-ciel.com\/enseignement\/en-finir-avec-le-stress\/"},"modified":"2019-09-05T18:57:42","modified_gmt":"2019-09-05T22:57:42","slug":"en-finir-avec-le-stress","status":"publish","type":"enseignement","link":"https:\/\/www.lessence-ciel.com\/en\/teachings\/en-finir-avec-le-stress\/","title":{"rendered":"En finir avec le stress!"},"content":{"rendered":"<p style=\"text-align: justify;\">Nous savons qu\u2019il est efficace de traiter un probl\u00e8me \u00e0 sa source ou de d\u00e9couvrir la cause derri\u00e8re une maladie ou un mal \u00eatre afin de promouvoir la gu\u00e9rison profonde. Il est\u00a0donc\u00a0important, en ce qui concerne le stress, que nous tenions compte d\u2019une possibilit\u00e9 soit celle de la source \u00e9nerg\u00e9tique ou spirituelle li\u00e9e \u00e0 ce ph\u00e9nom\u00e8ne nomm\u00e9 <strong>stress. <\/strong><\/p>\n<p style=\"text-align: justify;\"><strong>Nous vivons en position d\u00e9centr\u00e9e de notre corps physique. Cette position\u00a0\u00e0 l\u2019ext\u00e9rieur de nous-m\u00eames avec le corps \u00e9motionnel ou avec le corps mental\u00a0immerge dans un champ \u00e9nerg\u00e9tique collectif o\u00f9 nous sommes influenc\u00e9s et m\u00eame manipul\u00e9s par la collectivit\u00e9.<\/strong><\/p>\n<p style=\"text-align: justify;\">Donc, nous souffrons d\u2019un trouble d\u2019ordre \u00e9nerg\u00e9tique non d\u00e9tect\u00e9 par les sens physiques et par la science.<\/p>\n<p style=\"text-align: justify;\">La raison pour laquelle nous avons tant de difficult\u00e9s avec notre Soi (connaissance de soi, confiance en soi, amour de soi) est que nous sommes d\u00e9connect\u00e9s de nous-m\u00eames. D\u00fb \u00e0 cette d\u00e9connexion, il est difficile, voire impossible, de vraiment se conna\u00eetre soi-m\u00eame et de savoir ce que nous voulons et ce que nous aimons vraiment!<\/p>\n<p style=\"text-align: justify;\">Pour plusieurs d\u2019entre nous, cette d\u00e9connexion est d\u2019origine pr\u00e9natale. Nous ne nous rendons nullement compte que nous op\u00e9rons nos vies sans \u00eatre pleinement incarn\u00e9s.<\/p>\n<p style=\"text-align: justify;\">Nous sommes aussi fragment\u00e9s et souffrons d\u2019un sentiment de manque, d\u2019\u00eatre incomplet. Nous cherchons \u00e0 l\u2019ext\u00e9rieur de nous \u00e0 combler ce vide caus\u00e9 par le manque.<\/p>\n<p style=\"text-align: justify;\">D\u00fb \u00e0 notre d\u00e9connexion et cette immersion dans le champ collectif :<\/p>\n<ul style=\"text-align: justify;\">\n<li>Nous sommes conditionn\u00e9s \u00e0 \u00eatre ce que les autres souhaitent que nous soyons et \u00e0 plaire aux autres.<\/li>\n<li>Nous vivons le stress constant d\u2019\u00eatre qui nous ne sommes pas ou de ne pas \u00eatre qui nous sommes&#8230;<\/li>\n<li>Nous vivons l\u2019oubli de notre source, de notre Je suis!<\/li>\n<li>Nous avons peur de la vie et peur de la mort\u2026<\/li>\n<\/ul>\n<p style=\"text-align: justify;\"><strong>Dire OUI \u00e0 la Vie!<\/strong><\/p>\n<p style=\"text-align: justify;\">Nous avons besoin d\u2019apprendre \u00e0 Vivre.\u00a0Notre vie est pr\u00e9cieuse et chacun d\u2019entre nous est important.<\/p>\n<p style=\"text-align: justify;\">R\u00eavons d\u2019un monde meilleur!<\/p>\n<p style=\"text-align: justify;\">Il est possible que nous ayons choisi d\u2019\u00eatre ici pour partager nos forces et nos acquis afin de contribuer \u00e0 la cr\u00e9ation de ce monde meilleur ou de cette nouvelle terre.<\/p>\n<p style=\"text-align: justify;\">Malheureusement, plusieurs d\u2019entre nous souffrent d\u2019un manque de connaissance de soi, de confiance en soi et d\u2019Amour de soi qui nous emp\u00eachent d\u2019\u00eatre le meilleur de nous-m\u00eames et de conna\u00eetre notre mission de vie.<\/p>\n<p style=\"text-align: justify;\"><strong>La source de toute cette souffrance est la d\u00e9connexion <\/strong><\/p>\n<p style=\"text-align: justify;\">C\u2019est pourquoi il est important \u00a0:<\/p>\n<ul style=\"text-align: justify;\">\n<li>De choisir d\u2019\u00eatre ici et maintenant, pleinement pr\u00e9sent \u00e0 soi.<\/li>\n<li>De retirer le bandeau de sur nos yeux.<\/li>\n<li>De retirer les filtres de sur notre sensibilit\u00e9.<\/li>\n<li>De d\u00e9velopper notre pleine capacit\u00e9 de perceptions.<\/li>\n<li>De r\u00e9aliser notre unit\u00e9 avec tout ce qui est.<\/li>\n<li>D&#8217;\u00eatre Vrai. Les masques doivent tomber(les n\u00f4tres inclusivement) afin que la V\u00e9rit\u00e9 soit.<\/li>\n<\/ul>\n<p style=\"text-align: justify;\"><strong>Nous sommes cr\u00e9ateurs de notre vie<\/strong><\/p>\n<p style=\"text-align: justify;\">Lorsque nous sommes conscients, nous pouvons intervenir!<\/p>\n<p style=\"text-align: justify;\">Lorsque cette connexion avec nous-m\u00eames est r\u00e9tablie, nous pouvons commencer \u00e0 vivre et le +++ de cette connexion. En effet, elle nous am\u00e8ne dans un espace d&#8217;une grande paix : le moment pr\u00e9sent. Cette zone d\u2019Amour est libre de toutes formes de stress non li\u00e9es \u00e0 un danger r\u00e9el dans le moment pr\u00e9sent. Donc, libre de 99.99% des stress que nous, les Occidentaux, nous vivons!<\/p>\n<p style=\"text-align: justify;\"><strong>Fuites et distorsions dans le corps mental et \u00e9motionnel = vuln\u00e9rabilit\u00e9, manipulation, confusion.<\/strong><\/p>\n<p style=\"text-align: justify;\"><strong>Stress\/Peurs\/Anxi\u00e9t\u00e9s = D\u00e9pression\/Burnout <\/strong><\/p>\n<p style=\"text-align: justify;\">Choisissons la connexion :<\/p>\n<ul style=\"text-align: justify;\">\n<li>Amour de soi<\/li>\n<li>Connaissance de soi<\/li>\n<li>Raison d\u2019\u00eatre<\/li>\n<li>Volont\u00e9 de partager<\/li>\n<li>Mission de vie<\/li>\n<li>Unit\u00e9 avec Tout Ce Qui Est<\/li>\n<\/ul>\n<p style=\"text-align: justify;\"><strong>Adieu Stress, Je te laisse!<\/strong><\/p>\n<p style=\"text-align: justify;\">Nous vous proposons Un retour \u00e0 soi, une m\u00e9thode de centrage simple, rapide et efficace, celle qui augmentera l\u2019efficacit\u00e9 de toutes les autres approches au stress.<\/p>\n<p style=\"text-align: justify;\"><strong>Le centrage \u00e9nerg\u00e9tique<\/strong><\/p>\n<ul>\n<li style=\"text-align: justify;\">Permets de vivre le moment pr\u00e9sent et d\u2019\u00eatre \u00e0 l\u2019abri des stress provenant de la conscience collective.<\/li>\n<li style=\"text-align: justify;\">Facilite une meilleure connaissance de soi et augmente la confiance en soi.<\/li>\n<li style=\"text-align: justify;\">Nous exer\u00e7ons cette m\u00e9thode avant tout travail \u00e9nerg\u00e9tique.<\/li>\n<\/ul>\n<p style=\"text-align: justify;\">L\u2019enseignement de cette m\u00e9thode est transmis lors de l\u2019Atelier \u00e9clair\u00a0: <a href=\"https:\/\/www.lessence-ciel.com\/enseignement\/soiree-centrage-et-nettoyage-energetique\/\">\u00ab Retour \u00e0 soi! Centrage \u00e9nerg\u00e9tique \u00bb<\/a><\/p>\n","protected":false},"author":3,"featured_media":64500,"template":"","classe-enseignement":[537,541],"thematique":[529,974,533,531,690,880,798,890,524,692,968],"class_list":["post-52609","enseignement","type-enseignement","status-publish","has-post-thumbnail","hentry","classe-enseignement-teachings-guidance","classe-enseignement-written-articles","thematique-angels-world","thematique-coaching-motivation","thematique-minds-sanctuary","thematique-natures-realm","thematique-personal-growth","thematique-physical-health","thematique-protection","thematique-sleep","thematique-souls-garden","thematique-spiritual-renewal","thematique-uplifting-the-mind"],"acf":{"modele_type":"blog","modele_email":"single","acf-general_shortdesc":"","modele_single":{"lead_magnet":"","lead_click":"","post_hasvideo":"no","video_associee":{"post_video":"","description_video":"","thumb_video":null}},"modele_default":{"desc":"","lead_click":"Clique ici pour plus d'information"},"modele_hook":{"image_height":null,"lead_magnet":"","key_phase":"","desc":"","lead_click":"Clique ici pour plus d'information"},"modele_bullets":{"image_height":null,"bullets":null,"lead_click":"Clique ici pour plus d'information"}},"_links":{"self":[{"href":"https:\/\/www.lessence-ciel.com\/en\/wp-json\/wp\/v2\/enseignement\/52609","targetHints":{"allow":["GET"]}}],"collection":[{"href":"https:\/\/www.lessence-ciel.com\/en\/wp-json\/wp\/v2\/enseignement"}],"about":[{"href":"https:\/\/www.lessence-ciel.com\/en\/wp-json\/wp\/v2\/types\/enseignement"}],"author":[{"embeddable":true,"href":"https:\/\/www.lessence-ciel.com\/en\/wp-json\/wp\/v2\/users\/3"}],"version-history":[{"count":0,"href":"https:\/\/www.lessence-ciel.com\/en\/wp-json\/wp\/v2\/enseignement\/52609\/revisions"}],"wp:featuredmedia":[{"embeddable":true,"href":"https:\/\/www.lessence-ciel.com\/en\/wp-json\/wp\/v2\/media\/64500"}],"wp:attachment":[{"href":"https:\/\/www.lessence-ciel.com\/en\/wp-json\/wp\/v2\/media?parent=52609"}],"wp:term":[{"taxonomy":"classe-enseignement","embeddable":true,"href":"https:\/\/www.lessence-ciel.com\/en\/wp-json\/wp\/v2\/classe-enseignement?post=52609"},{"taxonomy":"thematique","embeddable":true,"href":"https:\/\/www.lessence-ciel.com\/en\/wp-json\/wp\/v2\/thematique?post=52609"}],"curies":[{"name":"wp","href":"https:\/\/api.w.org\/{rel}","templated":true}]}}