{"id":34790,"date":"2015-02-23T00:20:04","date_gmt":"2015-02-23T05:20:04","guid":{"rendered":"https:\/\/www.lessence-ciel.com\/?post_type=meta&#038;p=34790"},"modified":"2018-11-25T12:58:47","modified_gmt":"2018-11-25T17:58:47","slug":"blaireau-2","status":"publish","type":"meta","link":"https:\/\/www.lessence-ciel.com\/en\/meta\/blaireau-2\/","title":{"rendered":"Blaireau"},"content":{"rendered":"<p style=\"text-align: justify;\"><strong>Mots cl\u00e9s:\u00a0D\u00e9termination \u2013M\u00e9decine des Racines \u2013 Gu\u00e9risseur courageux &#8211; Guerrier -Acc\u00e8s aux mondes souterrains &#8211; Enracinement &#8211; Pers\u00e9v\u00e9rance<\/strong><\/p>\n<p style=\"text-align: justify;\">L\u2019apparition de blaireau annonce un temps meilleur et la fin d\u2019un cycle o<span lang=\"FR-CA\"><span style=\"color: #000000; font-family: Calibri;\">\u00f9<\/span><\/span>\u00a0les d\u00e9fis et les difficult\u00e9s se sont succ\u00e9d\u00e9s les\u00a0uns apr\u00e8s les autres. Respirons profond\u00e9ment et exprimons notre gratitude.<\/p>\n<p style=\"text-align: justify;\">Il est maintenant temps de manifester nos r\u00eaves. Attardons-nous \u00e0 tous ces projets qui permettront que nos r\u00eaves deviennent notre r\u00e9alit\u00e9. La m\u00e9decine de Blaireau c\u2019est le dynamisme et la d\u00e9termination, se battre jusqu\u2019au bout pour obtenir ce qu\u2019on veut. Nous apprenons \u00e0 nous affirmer.<\/p>\n<p style=\"text-align: justify;\">Le Blaireau nous incite \u00e0 suivre notre chemin unique, au rythme qui nous convient. Il est pr\u00e9f\u00e9rable de se faire confiance et d\u2019avoir la foi dans nos forces et nos habilet\u00e9s. Sachons que nous avons tout ce qu\u2019il nous faut pour faire face \u00e0 nos d\u00e9fis. Arr\u00eatons de nous soucier de ce que les autres en pensent ou en disent. Avec l\u2019aide du Blaireau, l\u2019agressivit\u00e9 peut \u00eatre canalis\u00e9e de fa\u00e7on positive. Nous devons parfois nous battre pour vivre, nous en valons la peine. Il est temps pour nous de nous exposer tel que nous sommes et de laisser le monde voir qui nous sommes en r\u00e9alit\u00e9.<\/p>\n<p style=\"text-align: justify;\">Le Blaireau conna\u00eet l\u2019int\u00e9rieur de la Terre et il est en bon terme avec le monde souterrain. Il peut donc nous servir de guide dans ces mondes. Il conna\u00eet la m\u00e9decine des racines et leurs miracles. Cette m\u00e9decine fait de grands gu\u00e9risseurs car nous avons le courage d\u2019utiliser des m\u00e9thodes peu conventionnelles et nous n\u2019abandonnons pas devant les maladies graves.<\/p>\n<p style=\"text-align: justify;\">Les adeptes de cette m\u00e9decine agissent rapidement lors d\u2019une crise et apprennent \u00e0 ne pas paniquer. La pers\u00e9v\u00e9rance est apprise. Cette m\u00e9decine a de puissants effets sur l\u2019am\u00e9lioration de soi. Puisque le Blaireau est connect\u00e9 \u00e0 la Terre,\u00a0sa m\u00e9decine nous aide avec notre enracinement. Nous utilisons les racines pour rester centr\u00e9s et nous demeurerons enlign\u00e9s avec ce qui est important pour nous.<\/p>\n<p><strong>Remerciements<\/strong><\/p>\n<p>Merci\u00a0petit blaireau fut\u00e9, merci pour tes apparitions taquines! Nous sentons ta pers\u00e9v\u00e9rance \u00e0 appara\u00eetre un peu partout pour nous rappeler de pers\u00e9v\u00e9rer afin de manifester nos projets au quotidien, concr\u00e8tement. Ta pr\u00e9sence nous rappelle la force tranquille de notre Terre, la m\u00e9decine des racines, \u00a0des\u00a0cycles\u00a0et des rythmes. Merci pour cette exposition de force tranquille et de v\u00e9rit\u00e9! Merci!<\/p>\n","protected":false},"featured_media":61603,"template":"","classe-meta":[591],"class_list":["post-34790","meta","type-meta","status-publish","has-post-thumbnail","hentry","classe-meta-animaux-totems-en"],"acf":{"modele_type":"blog","modele_email":"single","acf-general_shortdesc":"D\u00e9termination \u2013M\u00e9decine des Racines \u2013 Gu\u00e9risseur courageux - Guerrier -Acc\u00e8s aux monde souterrain - Enracinement - Pers\u00e9v\u00e9rance","modele_single":{"lead_magnet":"","lead_click":"","post_hasvideo":"no","video_associee":{"post_video":"","description_video":"","thumb_video":null}},"modele_default":{"desc":"","lead_click":"Clique ici pour plus d'information"},"modele_hook":{"image_height":null,"lead_magnet":"","key_phase":"","desc":"","lead_click":"Clique ici pour plus d'information"},"modele_bullets":{"image_height":null,"bullets":null,"lead_click":"Clique ici pour plus d'information"}},"_links":{"self":[{"href":"https:\/\/www.lessence-ciel.com\/en\/wp-json\/wp\/v2\/meta\/34790","targetHints":{"allow":["GET"]}}],"collection":[{"href":"https:\/\/www.lessence-ciel.com\/en\/wp-json\/wp\/v2\/meta"}],"about":[{"href":"https:\/\/www.lessence-ciel.com\/en\/wp-json\/wp\/v2\/types\/meta"}],"version-history":[{"count":0,"href":"https:\/\/www.lessence-ciel.com\/en\/wp-json\/wp\/v2\/meta\/34790\/revisions"}],"wp:featuredmedia":[{"embeddable":true,"href":"https:\/\/www.lessence-ciel.com\/en\/wp-json\/wp\/v2\/media\/61603"}],"wp:attachment":[{"href":"https:\/\/www.lessence-ciel.com\/en\/wp-json\/wp\/v2\/media?parent=34790"}],"wp:term":[{"taxonomy":"classe-meta","embeddable":true,"href":"https:\/\/www.lessence-ciel.com\/en\/wp-json\/wp\/v2\/classe-meta?post=34790"}],"curies":[{"name":"wp","href":"https:\/\/api.w.org\/{rel}","templated":true}]}}