{"id":34798,"date":"2015-02-23T00:20:05","date_gmt":"2015-02-23T05:20:05","guid":{"rendered":"https:\/\/www.lessence-ciel.com\/?post_type=meta&#038;p=34798"},"modified":"2018-11-25T15:57:05","modified_gmt":"2018-11-25T20:57:05","slug":"chien-de-prairie-2","status":"publish","type":"meta","link":"https:\/\/www.lessence-ciel.com\/en\/meta\/chien-de-prairie-2\/","title":{"rendered":"Chien de prairie"},"content":{"rendered":"<p><strong>Mots cl\u00e9s:\u00a0Retraite \u2013 Repos \u2013 Int\u00e9rieur de la terre<\/strong><\/p>\n<p>Cette m\u00e9decine nous montre que l\u2019on peut trouver force et inspiration en se retirant dans le silence int\u00e9rieur qui apaise l\u2019esprit. Sa force c\u2019est aussi savoir quand et comment refaire nos forces vives. Cette pratique nous permet d\u2019\u00eatre profond\u00e9ment centr\u00e9e et ancr\u00e9e dans le calme. Le chien de prairie nous enseigne que pour atteindre la gr\u00e2ce de l\u2019inspiration et du renouvellement nous devons en premier lieu \u00eatre en paix avec nous-m\u00eames et suffisamment d\u00e9tendus pour pouvoir reconna\u00eetre les bienfaits qui nous sont offerts. Le chien de prairie nous montre les labyrinthes int\u00e9rieurs de la m\u00e9decine de la Terre.<\/p>\n<p><strong>Remerciements<\/strong><\/p>\n<p>Merci, grand rongeur rus\u00e9, Chien de Prairie fut\u00e9. Ta vigilance nous a permis cette semaine de porter attention \u00e0 certains d\u00e9tails dans nos vies, \u00e0 remettre en question ce qui nous d\u00e9stabilise. Nous avons eu le choix de ralentir la cadence pour mieux \u00e9valuer en profondeur et non pas qu&#8217;en surface nos \u00e9tats d&#8217;\u00e2me. Ta proximit\u00e9 avec la Terre nous a permis de retrouver nos connexions dans les d\u00e9dalles de notre \u00e2me, de faire un avec nos racines. Merci pour ta pr\u00e9sence et ton calme. Merci!<\/p>\n","protected":false},"featured_media":62107,"template":"","classe-meta":[591],"class_list":["post-34798","meta","type-meta","status-publish","has-post-thumbnail","hentry","classe-meta-animaux-totems-en"],"acf":{"modele_type":"blog","modele_email":"single","acf-general_shortdesc":"Retraite \u2013 Repos \u2013 Int\u00e9rieur de la terre","modele_single":{"lead_magnet":"","lead_click":"","post_hasvideo":"no","video_associee":{"post_video":"","description_video":"","thumb_video":null}},"modele_default":{"desc":"","lead_click":"Clique ici pour plus d'information"},"modele_hook":{"image_height":null,"lead_magnet":"","key_phase":"","desc":"","lead_click":"Clique ici pour plus d'information"},"modele_bullets":{"image_height":null,"bullets":null,"lead_click":"Clique ici pour plus d'information"}},"_links":{"self":[{"href":"https:\/\/www.lessence-ciel.com\/en\/wp-json\/wp\/v2\/meta\/34798","targetHints":{"allow":["GET"]}}],"collection":[{"href":"https:\/\/www.lessence-ciel.com\/en\/wp-json\/wp\/v2\/meta"}],"about":[{"href":"https:\/\/www.lessence-ciel.com\/en\/wp-json\/wp\/v2\/types\/meta"}],"version-history":[{"count":0,"href":"https:\/\/www.lessence-ciel.com\/en\/wp-json\/wp\/v2\/meta\/34798\/revisions"}],"wp:featuredmedia":[{"embeddable":true,"href":"https:\/\/www.lessence-ciel.com\/en\/wp-json\/wp\/v2\/media\/62107"}],"wp:attachment":[{"href":"https:\/\/www.lessence-ciel.com\/en\/wp-json\/wp\/v2\/media?parent=34798"}],"wp:term":[{"taxonomy":"classe-meta","embeddable":true,"href":"https:\/\/www.lessence-ciel.com\/en\/wp-json\/wp\/v2\/classe-meta?post=34798"}],"curies":[{"name":"wp","href":"https:\/\/api.w.org\/{rel}","templated":true}]}}