{"id":52211,"date":"2015-02-23T00:20:14","date_gmt":"2015-02-23T05:20:14","guid":{"rendered":"https:\/\/www.lessence-ciel.com\/meta\/vii-le-chariot\/"},"modified":"2024-10-16T23:09:28","modified_gmt":"2024-10-17T03:09:28","slug":"vii-le-chariot","status":"publish","type":"meta","link":"https:\/\/www.lessence-ciel.com\/en\/meta\/vii-le-chariot\/","title":{"rendered":"VII &#8211; Le Chariot"},"content":{"rendered":"\n<p><strong>Mots cl\u00e9s:&nbsp;Cancer; Nouveau d\u00e9part &#8211; Tournure positive &#8211; Introspection &#8211; M\u00e9ditation &#8211; Itin\u00e9raire spirituel.<\/strong><\/p>\n\n\n\n<p><strong>Introduction<\/strong><\/p>\n\n\n\n<p>Je suis Mouvement et Stabilit\u00e9, capable de maintenir l\u2019\u00e9quilibre dans les situations de conflit.<\/p>\n\n\n\n<p>J\u2019ai le courage de naviguer sur la voie du milieu. Je lutte avec des pens\u00e9es et des \u00e9motions conflictuelles que je r\u00e9ussis \u00e0 combiner en exploitant ma cr\u00e9ativit\u00e9.<\/p>\n\n\n\n<p>Je suis attention focalis\u00e9e, d\u00e9termin\u00e9e \u00e0 r\u00e9concilier les contradictions et les difficult\u00e9s.<\/p>\n\n\n\n<p>Je contr\u00f4le mes instincts et mes passions; cette ma\u00eetrise de soi me permet de diriger cette \u00e9nergie de fa\u00e7on positive.<\/p>\n\n\n\n<p>J\u2019ai confiance dans mes instincts et mes aptitudes; j\u2019envisage des r\u00e9sultats positifs.<\/p>\n\n\n\n<p><strong>Possibilit\u00e9<\/strong><\/p>\n\n\n\n<p>Le changement imminent m\u00e8ne vers un enrichissement heureux de ton existence. Pr\u00e9pares-toi, mets de l\u2019ordre dans ta vie. Tu pourras enfin te d\u00e9barrasser de ce qui encombrait ton existence.<\/p>\n\n\n\n<p><strong>Question<\/strong><\/p>\n\n\n\n<p>D\u2019un point de vue existentiel, qu\u2019est-ce qui, dans ta vie, sera touch\u00e9 par ce changement? Es-tu pr\u00eat \u00e0 consid\u00e9rer le pass\u00e9 comme r\u00e9volu pour te consacrer \u00e0 l\u2019avenir?<\/p>\n\n\n\n<p><strong>Suggestion<\/strong><\/p>\n\n\n\n<p>Explore un nouveau concept de s\u00e9curit\u00e9 personnelle. Pr\u00e9vois ton \u00e9volution ou ton voyage dans cet univers. Ton corps, aussi, a besoin d\u2019attention et de purification.<\/p>\n\n\n\n<p><strong>Affirmation<\/strong><\/p>\n\n\n\n<p>Je suis pr\u00eat pour le nouvel envol et mets de l\u2019ordre dans ma vie tout en imaginant de quoi elle sera faite.<\/p>\n\n\n\n<p><strong>Remerciements<\/strong><\/p>\n\n\n\n<p>Merci \u00e0 toi, Arcane du Chariot (VI). Ta pr\u00e9sence nous rappelle l\u2019importance du mouvement dans notre vie&nbsp;: nous ne voulons pas stagner, nous voulons bouger, progresser, \u00e9voluer&nbsp;! Nous avons gard\u00e9 une attitude ouverte, les pens\u00e9es claires, les intentions positives. Nous mettons de l\u2019ordre dans notre vie, nous trouvons notre stabilit\u00e9, notre juste milieu, lorsque nous demeurons bien centr\u00e9 avec l\u2019\u00e9nergie du C\u0153ur. Merci pour cette confiance renouvel\u00e9e en l\u2019Univers. Merci&nbsp;!<\/p>\n\n\n<figure style=\"aspect-ratio:auto;width:600px;\" class=\"wp-block-post-featured-image\"><a href=\"https:\/\/www.lessence-ciel.com\/en\/meta\/vii-le-chariot\/\" target=\"_blank\"  ><img loading=\"lazy\" decoding=\"async\" width=\"400\" height=\"353\" src=\"https:\/\/www.lessence-ciel.com\/web-data\/uploads\/2015\/03\/7-le-chariot-la-conscience.png\" class=\"attachment-post-thumbnail size-post-thumbnail wp-post-image\" alt=\"VII &#8211; Le Chariot\" style=\"width:100%;height:100%;object-fit:cover;\" srcset=\"https:\/\/www.lessence-ciel.com\/web-data\/uploads\/2015\/03\/7-le-chariot-la-conscience.png 400w, https:\/\/www.lessence-ciel.com\/web-data\/uploads\/2015\/03\/7-le-chariot-la-conscience-300x265.png 300w\" sizes=\"auto, (max-width: 400px) 100vw, 400px\" \/><\/a><\/figure>","protected":false},"featured_media":117975,"template":"","classe-meta":[650],"class_list":["post-52211","meta","type-meta","status-publish","has-post-thumbnail","hentry","classe-meta-tarots-en"],"acf":{"modele_type":"blog","modele_email":"single","acf-general_shortdesc":"Cancer;  nouveau d\u00e9part, tournure positive, introspection, m\u00e9ditation, itin\u00e9raire spirituel.","modele_single":{"lead_magnet":"","lead_click":"","post_hasvideo":"no","video_associee":{"post_video":"","description_video":"","thumb_video":null}},"modele_default":{"desc":"","lead_click":"Clique ici pour plus d'information"},"modele_hook":{"image_height":null,"lead_magnet":"","key_phase":"","desc":"","lead_click":"Clique ici pour plus d'information"},"modele_bullets":{"image_height":null,"bullets":null,"lead_click":"Clique ici pour plus d'information"}},"_links":{"self":[{"href":"https:\/\/www.lessence-ciel.com\/en\/wp-json\/wp\/v2\/meta\/52211","targetHints":{"allow":["GET"]}}],"collection":[{"href":"https:\/\/www.lessence-ciel.com\/en\/wp-json\/wp\/v2\/meta"}],"about":[{"href":"https:\/\/www.lessence-ciel.com\/en\/wp-json\/wp\/v2\/types\/meta"}],"version-history":[{"count":0,"href":"https:\/\/www.lessence-ciel.com\/en\/wp-json\/wp\/v2\/meta\/52211\/revisions"}],"wp:featuredmedia":[{"embeddable":true,"href":"https:\/\/www.lessence-ciel.com\/en\/wp-json\/wp\/v2\/media\/117975"}],"wp:attachment":[{"href":"https:\/\/www.lessence-ciel.com\/en\/wp-json\/wp\/v2\/media?parent=52211"}],"wp:term":[{"taxonomy":"classe-meta","embeddable":true,"href":"https:\/\/www.lessence-ciel.com\/en\/wp-json\/wp\/v2\/classe-meta?post=52211"}],"curies":[{"name":"wp","href":"https:\/\/api.w.org\/{rel}","templated":true}]}}